{"id":3987,"date":"2023-08-08T17:45:39","date_gmt":"2023-08-08T15:45:39","guid":{"rendered":"https:\/\/skijalista.me\/novosti-2\/"},"modified":"2023-08-09T19:06:30","modified_gmt":"2023-08-09T17:06:30","slug":"novosti-2","status":"publish","type":"page","link":"https:\/\/skijalista.me\/me\/novosti-2\/","title":{"rendered":"Novosti"},"content":{"rendered":"\t\t<div data-elementor-type=\"wp-page\" data-elementor-id=\"3987\" class=\"elementor elementor-3987 elementor-3960\">\n\t\t\t\t\t\t<section class=\"elementor-section elementor-top-section elementor-element elementor-element-40bd344 elementor-section-height-min-height elementor-section-items-bottom elementor-section-boxed elementor-section-height-default\" data-id=\"40bd344\" data-element_type=\"section\" data-settings=\"{&quot;background_background&quot;:&quot;classic&quot;,&quot;jet_parallax_layout_list&quot;:[]}\">\n\t\t\t\t\t\t\t<div class=\"elementor-background-overlay\"><\/div>\n\t\t\t\t\t\t\t<div class=\"elementor-container elementor-column-gap-wide\">\n\t\t\t\t\t<div class=\"elementor-column elementor-col-100 elementor-top-column elementor-element elementor-element-95f6c1b\" data-id=\"95f6c1b\" data-element_type=\"column\">\n\t\t\t<div class=\"elementor-widget-wrap elementor-element-populated\">\n\t\t\t\t\t\t\t<\/div>\n\t\t<\/div>\n\t\t\t\t\t<\/div>\n\t\t<\/section>\n\t\t\t\t<section class=\"elementor-section elementor-top-section elementor-element elementor-element-e13610a elementor-section-boxed elementor-section-height-default elementor-section-height-default\" data-id=\"e13610a\" data-element_type=\"section\" data-settings=\"{&quot;jet_parallax_layout_list&quot;:[]}\">\n\t\t\t\t\t\t<div class=\"elementor-container elementor-column-gap-default\">\n\t\t\t\t\t<div class=\"elementor-column elementor-col-100 elementor-top-column elementor-element elementor-element-a70dfb4\" data-id=\"a70dfb4\" data-element_type=\"column\">\n\t\t\t<div class=\"elementor-widget-wrap elementor-element-populated\">\n\t\t\t\t\t\t<div class=\"elementor-element elementor-element-906591a elementor-widget elementor-widget-ucaddon_post_grid\" data-id=\"906591a\" data-element_type=\"widget\" data-widget_type=\"ucaddon_post_grid.default\">\n\t\t\t\t<div class=\"elementor-widget-container\">\n\t\t\t\t\t\n<!-- start Post Grid -->\n\t\t<link id='font-awesome-css' href='https:\/\/skijalista.me\/wp-content\/plugins\/unlimited-elements-for-elementor-premium\/assets_libraries\/font-awesome6\/fontawesome-all.min.css' type='text\/css' rel='stylesheet' >\n\t\t<link id='font-awesome-4-shim-css' href='https:\/\/skijalista.me\/wp-content\/plugins\/unlimited-elements-for-elementor-premium\/assets_libraries\/font-awesome6\/fontawesome-v4-shims.min.css' type='text\/css' rel='stylesheet' >\n\n<style>\/* widget: Post Grid *\/\n\n#uc_post_grid_elementor_906591a.uc_post_grid_style_one .uc_post_grid_style_one_wrap {\n   display:grid;\n}\n\n#uc_post_grid_elementor_906591a .uc_post_grid_style_one_item\n{\n  overflow:hidden;\n  position:relative;\n}\n\n#uc_post_grid_elementor_906591a .uc_post_image\n{\n  background-size:cover;\n  background-position:center;\n}\n\n#uc_post_grid_elementor_906591a .uc_more_btn{\n\n  display:inline-block;\n  text-align:center;\n  text-decoration:none;\n  transition:0.3s;\n}\n\n.ue-grid-item-category a\n{\n  display:inline-block;\n  font-size:10px;\n  \n}\n\n.uc_post_title\n{\n  font-size:21px;\n}\n\n\n#uc_post_grid_elementor_906591a .ue_post_grid_item\n{\n  display:flex;\n  flex-direction:column;\n}\n\n#uc_post_grid_elementor_906591a.uc_post_grid_style_one .uc_content{\n flex-grow:1;\n}\n\n#uc_post_grid_elementor_906591a.uc_post_grid_style_one .uc_content > div\n{\n  height:100%;\n  display:flex;\n  flex-direction:column;\n}\n\n#uc_post_grid_elementor_906591a .uc_post_button\n{\n  margin-top:auto;\n}\n\n\n\n\n\n\n\n\n\n\n\n\n\n\n\n\n\n\n\n\n\n\n\n\n#uc_post_grid_elementor_906591a .ue-meta-data\n{\n  \n  display:flex;\n\n  flex-wrap: wrap;\n  line-height:1em;\n}\n\n#uc_post_grid_elementor_906591a .ue-grid-item-meta-data\n{\n      display:inline-flex;\n      align-items:center;\n}\n\n.ue-grid-item-meta-data\n{\n  font-size:12px;\n}\n\n#uc_post_grid_elementor_906591a .ue-grid-item-meta-data-icon\n{\n  line-height:1em;\n}\n\n#uc_post_grid_elementor_906591a .ue-grid-item-meta-data-icon svg\n{\n  width:1em;\n  height:1em;\n}\n\n#uc_post_grid_elementor_906591a .ue-debug-meta\n{\n  padding:10px;\n  border:1px solid red;\n  position:relative;\n  line-height:1.5em;\n  font-size:11px;\n  width:100%;\n}\n\n<\/style>\n\n<div class=\"uc_post_grid_style_one\" id=\"uc_post_grid_elementor_906591a\"  >\n\t\t<div class=\"uc_post_grid_style_one_wrap ue_post_grid uc-items-wrapper\">\n\t\t\t<div class=\"uc_post_grid_style_one_item ue_post_grid_item\">\n  \n   <a class=\"uc_post_grid_style_one_image\" href=\"https:\/\/skijalista.me\/me\/zimska-sat-patrola-kakvo-je-skijanje-u-kolasinu\/\">\n   <div class=\"uc_post_image\" style=\"background-image: url(https:\/\/skijalista.me\/wp-content\/uploads\/Zimska_patrola_do_Crne_Gore_349x620.jpg);\"><\/div>\n  <\/a>\n   \n <div class=\"uc_content\">\n    <div>\n      \n           \n    \n  \n      \n      \n    <div class=\"uc_post_title\"><a href=\"https:\/\/skijalista.me\/me\/zimska-sat-patrola-kakvo-je-skijanje-u-kolasinu\/\">Zimska SAT patrola - Kakvo je skijanje u Kola\u0161inu?<\/a><\/div>\t\n    \n     \n     \n          <div class=\"ue-meta-data\">\n                        \n                        \n            \n                        \n                        \n            \t\t\t\n              \n            \n          <\/div>\n     \n      \n      \n      \n          \t<\/div>\n  <\/div>\n<\/div>\n<div class=\"uc_post_grid_style_one_item ue_post_grid_item\">\n  \n   <a class=\"uc_post_grid_style_one_image\" href=\"https:\/\/skijalista.me\/me\/rtcg-i-skijalista-crne-gore-udruzuju-snage-za-promociju-zimskih-sportova\/\">\n   <div class=\"uc_post_image\" style=\"background-image: url(https:\/\/skijalista.me\/wp-content\/uploads\/viber_slika_2026-01-26_16-28-50-960_664x900.jpeg);\"><\/div>\n  <\/a>\n   \n <div class=\"uc_content\">\n    <div>\n      \n           \n    \n  \n      \n      \n    <div class=\"uc_post_title\"><a href=\"https:\/\/skijalista.me\/me\/rtcg-i-skijalista-crne-gore-udruzuju-snage-za-promociju-zimskih-sportova\/\">RTCG i Skijali\u0161ta Crne Gore udru\u017euju snage za promociju zimskih sportova<\/a><\/div>\t\n    \n     \n     \n          <div class=\"ue-meta-data\">\n                        \n                        \n            \n                        \n                        \n            \t\t\t\n              \n            \n          <\/div>\n     \n      \n      \n      \n          \t<\/div>\n  <\/div>\n<\/div>\n<div class=\"uc_post_grid_style_one_item ue_post_grid_item\">\n  \n   <a class=\"uc_post_grid_style_one_image\" href=\"https:\/\/skijalista.me\/me\/kolasin-1600-idealno-mjesto-za-zimski-ugodaj-na-planini\/\">\n   <div class=\"uc_post_image\" style=\"background-image: url(https:\/\/skijalista.me\/wp-content\/uploads\/viber_slika_2026-01-26_16-28-50-960_664x900.jpeg);\"><\/div>\n  <\/a>\n   \n <div class=\"uc_content\">\n    <div>\n      \n           \n    \n  \n      \n      \n    <div class=\"uc_post_title\"><a href=\"https:\/\/skijalista.me\/me\/kolasin-1600-idealno-mjesto-za-zimski-ugodaj-na-planini\/\">Kola\u0161in 1600 idealno mjesto za zimski ugo\u0111aj na planini<\/a><\/div>\t\n    \n     \n     \n          <div class=\"ue-meta-data\">\n                        \n                        \n            \n                        \n                        \n            \t\t\t\n              \n            \n          <\/div>\n     \n      \n      \n      \n          \t<\/div>\n  <\/div>\n<\/div>\n<div class=\"uc_post_grid_style_one_item ue_post_grid_item\">\n  \n   <a class=\"uc_post_grid_style_one_image\" href=\"https:\/\/skijalista.me\/me\/jedan-ski-pas-za-region-jahorina-kolasin-i-kopaonik-povezani-od-sezone-2025-26\/\">\n   <div class=\"uc_post_image\" style=\"background-image: url(https:\/\/skijalista.me\/wp-content\/uploads\/SKI_600x900.jpeg);\"><\/div>\n  <\/a>\n   \n <div class=\"uc_content\">\n    <div>\n      \n           \n    \n  \n      \n      \n    <div class=\"uc_post_title\"><a href=\"https:\/\/skijalista.me\/me\/jedan-ski-pas-za-region-jahorina-kolasin-i-kopaonik-povezani-od-sezone-2025-26\/\">Jedan ski-pas za region: Jahorina, Kola\u0161in i Kopaonik povezani od sezone 2025\/26<\/a><\/div>\t\n    \n     \n     \n          <div class=\"ue-meta-data\">\n                        \n                        \n            \n                        \n                        \n            \t\t\t\n              \n            \n          <\/div>\n     \n      \n      \n      \n          \t<\/div>\n  <\/div>\n<\/div>\n<div class=\"uc_post_grid_style_one_item ue_post_grid_item\">\n  \n   <a class=\"uc_post_grid_style_one_image\" href=\"https:\/\/skijalista.me\/me\/snijeg-napokon-pao-skijalista-crne-gore-spremna-za-pocetak-sezone-u-kolasinu\/\">\n   <div class=\"uc_post_image\" style=\"background-image: url(https:\/\/skijalista.me\/wp-content\/uploads\/viber_slika_2026-01-10_12-02-06-891_1598x900.jpeg);\"><\/div>\n  <\/a>\n   \n <div class=\"uc_content\">\n    <div>\n      \n           \n    \n  \n      \n      \n    <div class=\"uc_post_title\"><a href=\"https:\/\/skijalista.me\/me\/snijeg-napokon-pao-skijalista-crne-gore-spremna-za-pocetak-sezone-u-kolasinu\/\">Snijeg napokon pao: Skijali\u0161ta Crne Gore spremna za po\u010detak sezone u Kola\u0161inu<\/a><\/div>\t\n    \n     \n     \n          <div class=\"ue-meta-data\">\n                        \n                        \n            \n                        \n                        \n            \t\t\t\n              \n            \n          <\/div>\n     \n      \n      \n      \n          \t<\/div>\n  <\/div>\n<\/div>\n<div class=\"uc_post_grid_style_one_item ue_post_grid_item\">\n  \n   <a class=\"uc_post_grid_style_one_image\" href=\"https:\/\/skijalista.me\/me\/medunarodna-analiza-crna-gora-nudi-najjeftinije-jednodnevno-skijanje-na-svijetu\/\">\n   <div class=\"uc_post_image\" style=\"background-image: url(https:\/\/skijalista.me\/wp-content\/uploads\/Kolasin-1600-11-2048x1365_599x900.jpeg);\"><\/div>\n  <\/a>\n   \n <div class=\"uc_content\">\n    <div>\n      \n           \n    \n  \n      \n      \n    <div class=\"uc_post_title\"><a href=\"https:\/\/skijalista.me\/me\/medunarodna-analiza-crna-gora-nudi-najjeftinije-jednodnevno-skijanje-na-svijetu\/\">Me\u0111unarodna analiza: Crna Gora nudi najjeftinije jednodnevno skijanje na svijetu<\/a><\/div>\t\n    \n     \n     \n          <div class=\"ue-meta-data\">\n                        \n                        \n            \n                        \n                        \n            \t\t\t\n              \n            \n          <\/div>\n     \n      \n      \n      \n          \t<\/div>\n  <\/div>\n<\/div>\n<div class=\"uc_post_grid_style_one_item ue_post_grid_item\">\n  \n   <a class=\"uc_post_grid_style_one_image\" href=\"https:\/\/skijalista.me\/me\/zimske-pogodnosti-uz-mastercard-kartice-na-skijalistu-kolasin-1600\/\">\n   <div class=\"uc_post_image\" style=\"background-image: url(https:\/\/skijalista.me\/wp-content\/uploads\/Mastercard_Kolasin-Skijalista-Crne-Gore_Led-ekran.jpg);\"><\/div>\n  <\/a>\n   \n <div class=\"uc_content\">\n    <div>\n      \n           \n    \n  \n      \n      \n    <div class=\"uc_post_title\"><a href=\"https:\/\/skijalista.me\/me\/zimske-pogodnosti-uz-mastercard-kartice-na-skijalistu-kolasin-1600\/\">Zimske pogodnosti uz Mastercard kartice na skijali\u0161tu Kola\u0161in 1600<\/a><\/div>\t\n    \n     \n     \n          <div class=\"ue-meta-data\">\n                        \n                        \n            \n                        \n                        \n            \t\t\t\n              \n            \n          <\/div>\n     \n      \n      \n      \n          \t<\/div>\n  <\/div>\n<\/div>\n<div class=\"uc_post_grid_style_one_item ue_post_grid_item\">\n  \n   <a class=\"uc_post_grid_style_one_image\" href=\"https:\/\/skijalista.me\/me\/potpisan-sporazum-rtcg-i-skijalista-crne-gore-2\/\">\n   <div class=\"uc_post_image\" style=\"background-image: url(https:\/\/skijalista.me\/wp-content\/uploads\/vizual-ig.jpg);\"><\/div>\n  <\/a>\n   \n <div class=\"uc_content\">\n    <div>\n      \n           \n    \n  \n      \n      \n    <div class=\"uc_post_title\"><a href=\"https:\/\/skijalista.me\/me\/potpisan-sporazum-rtcg-i-skijalista-crne-gore-2\/\">OTVARANJE ZIMSKE SEZONE 2025\/26 U KOLA\u0160INU<\/a><\/div>\t\n    \n     \n     \n          <div class=\"ue-meta-data\">\n                        \n                        \n            \n                        \n                        \n            \t\t\t\n              \n            \n          <\/div>\n     \n      \n      \n      \n          \t<\/div>\n  <\/div>\n<\/div>\n<div class=\"uc_post_grid_style_one_item ue_post_grid_item\">\n  \n   <a class=\"uc_post_grid_style_one_image\" href=\"https:\/\/skijalista.me\/me\/potpisan-sporazum-rtcg-i-skijalista-crne-gore\/\">\n   <div class=\"uc_post_image\" style=\"background-image: url(https:\/\/skijalista.me\/wp-content\/uploads\/raonic_675x900.jpeg);\"><\/div>\n  <\/a>\n   \n <div class=\"uc_content\">\n    <div>\n      \n           \n    \n  \n      \n      \n    <div class=\"uc_post_title\"><a href=\"https:\/\/skijalista.me\/me\/potpisan-sporazum-rtcg-i-skijalista-crne-gore\/\">Potpisan sporazum RTCG i Skijali\u0161ta Crne Gore<\/a><\/div>\t\n    \n     \n     \n          <div class=\"ue-meta-data\">\n                        \n                        \n            \n                        \n                        \n            \t\t\t\n              \n            \n          <\/div>\n     \n      \n      \n      \n          \t<\/div>\n  <\/div>\n<\/div>\n<div class=\"uc_post_grid_style_one_item ue_post_grid_item\">\n  \n   <a class=\"uc_post_grid_style_one_image\" href=\"https:\/\/skijalista.me\/me\/djeciji-dani-kidsland-to-kolasin\/\">\n   <div class=\"uc_post_image\" style=\"background-image: url(https:\/\/skijalista.me\/wp-content\/uploads\/\ud83d\udc67\ud83e\uddd2-Djeciji-dani-\u2013-Kidsland-TO-Kolasin.jpg);\"><\/div>\n  <\/a>\n   \n <div class=\"uc_content\">\n    <div>\n      \n           \n    \n  \n      \n      \n    <div class=\"uc_post_title\"><a href=\"https:\/\/skijalista.me\/me\/djeciji-dani-kidsland-to-kolasin\/\">Dje\u010diji dani \u2013 Kidsland &amp; TO Kola\u0161in<\/a><\/div>\t\n    \n     \n     \n          <div class=\"ue-meta-data\">\n                        \n                        \n            \n                        \n                        \n            \t\t\t\n              \n            \n          <\/div>\n     \n      \n      \n      \n          \t<\/div>\n  <\/div>\n<\/div>\n\n\t\t<\/div>\n\t<\/div>\n\n\n\n<!-- end Post Grid -->\t\t\t\t<\/div>\n\t\t\t\t<\/div>\n\t\t\t\t<div class=\"elementor-element elementor-element-03094a4 elementor-widget elementor-widget-ucaddon_archive_pagination\" data-id=\"03094a4\" data-element_type=\"widget\" data-widget_type=\"ucaddon_archive_pagination.default\">\n\t\t\t\t<div class=\"elementor-widget-container\">\n\t\t\t\t\t\n<!-- start Post Pagination -->\n\n<style>\/* widget: Post Pagination *\/\n\n#uc_archive_pagination_elementor_03094a4 nav\n{\n  padding:0px;\n  margin:0px;\n}\n\n#uc_archive_pagination_elementor_03094a4 \n{\n  display:flex;\n  flex-wrap: wrap;\n  justify-content:center;\n}\n\n#uc_archive_pagination_elementor_03094a4 .nav-links\n{\n  display:flex;\n  justify-content:center;\n}\n\n#uc_archive_pagination_elementor_03094a4 .nav-links > *\n{\n}\n\n#uc_archive_pagination_elementor_03094a4 .page-numbers\n{\n  display:flex;\n  \n  align-items:center;\n  justify-content:center;\n  transition:0.3s;\n  line-height:1em;\n}\n\n\n#uc_archive_pagination_elementor_03094a4 a.page-numbers, #uc_archive_pagination_elementor_03094a4 .dots\n{\n  color:#000000;\n  background-color:;\n}\n\n#uc_archive_pagination_elementor_03094a4 a.page-numbers:hover\n{\n  color:#6e6e6e;\n  background-color:#eeeeee;\n}\n\n#uc_archive_pagination_elementor_03094a4 .page-numbers.current,\n#uc_archive_pagination_elementor_03094a4 .page-numbers.current:hover\n{\n  background-color:#000000;\n  color:#ffffff;\n}\n\n\n#uc_archive_pagination_elementor_03094a4 .page-numbers.prev, #uc_archive_pagination_elementor_03094a4 .page-numbers.next\n{\n  padding-left:15px;\n  padding-right:15px;\n}\n\n\n\n#uc_archive_pagination_elementor_03094a4 .prev:before {\n   font-family: \"Font Awesome 5 Free\";\n   content: \"\\f053\";\n   display: inline-block;\n   vertical-align: middle;\n   font-weight: 900;\n   padding-right:10px;}\n\n#uc_archive_pagination_elementor_03094a4 .next:after {\n   font-family: \"Font Awesome 5 Free\";\n   content: \"\\f054\";\n   display: inline-block;\n   vertical-align: middle;\n   font-weight: 900;\n   padding-left:10px;}\n\n#uc_archive_pagination_elementor_03094a4.uc-ajax-loading{\n\topacity:1 !important;\n}\n\n#uc_archive_pagination_elementor_03094a4.uc-ajax-loading .current{\n\tposition:relative;\n    overflow:hidden;\n}\n\n\n#uc_archive_pagination_elementor_03094a4.uc-ajax-loading .current:before{\n  content: \"\";\n  display:block;\n  width:100%;\n  height:100%;\n  box-sizing:border-box;\n  position:absolute;\n  top:0px;\n  left:0px;\n  background-color: #c2c2c2;\n  animation: uc-spinning-border 0.5s linear infinite;\n  opacity:50%;\n  border-radius:inherit;\n}\n\n@keyframes uc-spinning-border {\n\t0%{transform: scale(0);}\n\t100%{transform: scale(1); }\t\n}\n\n\n\n<\/style>\n\n<div id=\"uc_archive_pagination_elementor_03094a4\" class=\"archive_pagination uc-filter-pagination\">\n<span aria-current=\"page\" class=\"page-numbers current\">1<\/span>\n<a class=\"page-numbers\" href=\"https:\/\/skijalista.me\/me\/novosti-2\/2\/\" data-e-disable-page-transition=\"true\">2<\/a>\n<a class=\"page-numbers\" href=\"https:\/\/skijalista.me\/me\/novosti-2\/3\/\" data-e-disable-page-transition=\"true\">3<\/a>\n<a class=\"page-numbers\" href=\"https:\/\/skijalista.me\/me\/novosti-2\/4\/\" data-e-disable-page-transition=\"true\">4<\/a>\n<a class=\"page-numbers\" href=\"https:\/\/skijalista.me\/me\/novosti-2\/5\/\" data-e-disable-page-transition=\"true\">5<\/a>\n<a class=\"page-numbers\" href=\"https:\/\/skijalista.me\/me\/novosti-2\/6\/\" data-e-disable-page-transition=\"true\">6<\/a>\n<\/div>\n<!-- end Post Pagination -->\t\t\t\t<\/div>\n\t\t\t\t<\/div>\n\t\t\t\t\t<\/div>\n\t\t<\/div>\n\t\t\t\t\t<\/div>\n\t\t<\/section>\n\t\t\t\t<\/div>\n\t\t","protected":false},"excerpt":{"rendered":"<p>SPEKTAKULARAN KONCERT ACA PEJOVI\u0106A Aco Pejovi\u0107 12.07.2023 u 21h Skijali\u0161ta Crne Gore: Uz saradnju sa kompanijom One lak\u0161e do ski pasa Ski centar Kola\u0161in 1600 je zvani\u010dno primio Halal sertifikat Halal standard ubrzo u sastavu menija restorana Troglava na Ski centru Kola\u0161in 1600 Promo prodaja ski pasova Zablistajte na snijegu uz pravilnu pripremu Promotivna prodaja [&hellip;]<\/p>\n","protected":false},"author":1,"featured_media":0,"parent":0,"menu_order":0,"comment_status":"closed","ping_status":"closed","template":"","meta":{"_acf_changed":false,"_seopress_robots_primary_cat":"","_seopress_titles_title":"","_seopress_titles_desc":"","_seopress_robots_index":"","footnotes":""},"class_list":["post-3987","page","type-page","status-publish","hentry"],"acf":[],"_links":{"self":[{"href":"https:\/\/skijalista.me\/me\/wp-json\/wp\/v2\/pages\/3987","targetHints":{"allow":["GET"]}}],"collection":[{"href":"https:\/\/skijalista.me\/me\/wp-json\/wp\/v2\/pages"}],"about":[{"href":"https:\/\/skijalista.me\/me\/wp-json\/wp\/v2\/types\/page"}],"author":[{"embeddable":true,"href":"https:\/\/skijalista.me\/me\/wp-json\/wp\/v2\/users\/1"}],"replies":[{"embeddable":true,"href":"https:\/\/skijalista.me\/me\/wp-json\/wp\/v2\/comments?post=3987"}],"version-history":[{"count":5,"href":"https:\/\/skijalista.me\/me\/wp-json\/wp\/v2\/pages\/3987\/revisions"}],"predecessor-version":[{"id":4106,"href":"https:\/\/skijalista.me\/me\/wp-json\/wp\/v2\/pages\/3987\/revisions\/4106"}],"wp:attachment":[{"href":"https:\/\/skijalista.me\/me\/wp-json\/wp\/v2\/media?parent=3987"}],"curies":[{"name":"wp","href":"https:\/\/api.w.org\/{rel}","templated":true}]}}